{"id":325,"date":"2020-01-28T10:30:22","date_gmt":"2020-01-28T10:30:22","guid":{"rendered":"http:\/\/www.murconexpert.com\/politica-privacidad\/"},"modified":"2022-05-05T10:03:47","modified_gmt":"2022-05-05T10:03:47","slug":"politica-privacidad","status":"publish","type":"page","link":"https:\/\/www.murconexpert.com\/de\/politica-privacidad\/","title":{"rendered":"Pol\u00edtica de privacidad"},"content":{"rendered":"\n<p>La presente pol\u00edtica de privacidad es conforme al Reglamento (UE) 2016\/679 del Parlamento Europeo y del Consejo, de 27 de abril de 2016, relativo a la protecci\u00f3n de las personas f\u00edsicas en lo que respecta al tratamiento de datos personales y a la libre circulaci\u00f3n de estos datos (RGPD), a Ley Org\u00e1nica 3\/2018, de 5 de diciembre, de Protecci\u00f3n de Datos Personales y garant\u00eda de los derechos digitales (LOPDGDD), as\u00ed como en lo que no resulte contrario a la normativa indicada, a la Ley Org\u00e1nica 15\/1999, de Protecci\u00f3n de Datos de Car\u00e1cter Personal (LOPD) y su normativa de desarrollo, y\/o aquellas que las pudieran sustituir o actualizar en el futuro.<\/p>\n\n\n\n<p>Nuestra organizaci\u00f3n est\u00e1 comprometida con la privacidad de sus datos personales. Los datos personales facilitados son necesarios para prestar nuestros servicios y son tratados de manera l\u00edcita, leal y transparente, garantizando una seguridad adecuada de los mismos, incluida la protecci\u00f3n contra el tratamiento no autorizado o il\u00edcito y contra su p\u00e9rdida, destrucci\u00f3n o da\u00f1o accidental mediante la aplicaci\u00f3n de medidas t\u00e9cnicas y organizativas.<\/p>\n\n\n\n<p>A trav\u00e9s del presente documento queremos ofrecerle de forma transparente y leal toda la informaci\u00f3n necesaria relativa al tratamiento de sus datos personales que realiza esta organizaci\u00f3n.<\/p>\n\n\n\n<p><strong>RESPONSABLE DEL TRATAMIENTO.<\/strong><\/p>\n\n\n\n<p>IDENTIDAD: <strong>MURCONEXPERT SL<\/strong><br>C.I.F. \/ N.I.F.: <strong>B42657387<\/strong><br>DOMICILIO: <strong>AVDA. PAIS VALENCIA 1 PTA. 3, 03720 BENISSA<\/strong> <strong>(ALICANTE)<\/strong><br>TEL\u00c9FONO: <strong>642504005<\/strong><br>E-MAIL: <strong>info@murconexpert.com<\/strong><\/p>\n\n\n\n<p><strong>DESTINATARIOS DE LOS DATOS PERSONALES.<\/strong><\/p>\n\n\n\n<ol><li>Los datos personales facilitados no ser\u00e1n objeto de cesi\u00f3n alguna salvo que\nas\u00ed se especifique en los tratamientos espec\u00edficos.<\/li><li>Opcionalmente, para la contrataci\u00f3n de servicios de computaci\u00f3n en la nube\ny\/o servicios para el env\u00edo de e-mails, as\u00ed como servicios relacionados, los\ndatos personales podr\u00e1n ser:<ol><li>Cedidos a empresas de servicios inform\u00e1ticos ubicadas dentro del Espacio\nEcon\u00f3mico Europeo (EEE) o,<\/li><\/ol><ol><li>Transferidos a empresas de servicios inform\u00e1ticos ubicadas fuera del EEE\nacogidos al escudo de protecci\u00f3n Privacy Shield por lo que cuentan con medidas\nde protecci\u00f3n adecuadas para garantizar la seguridad de los datos personales.\nPuede obtener m\u00e1s informaci\u00f3n visitando este enlace:&nbsp;<a href=\"https:\/\/www.privacyshield.gov\/welcome\"><strong>https:\/\/www.privacyshield.gov\/welcome<\/strong><\/a><\/li><\/ol><\/li><\/ol>\n\n\n\n<p><strong>BASE LEGAL PARA EL TRATAMIENTO DE SUS DATOS PERSONALES.<\/strong><\/p>\n\n\n\n<p>En cada tratamiento espec\u00edfico de datos personales recopilados sobre usted,\nle informaremos de la base legal que legitima el tratamiento de sus datos\npersonales.<\/p>\n\n\n\n<p><strong>DERECHOS.<\/strong><\/p>\n\n\n\n<p><strong>Derecho de Acceso:<\/strong><\/p>\n\n\n\n<p>Es el derecho a obtener del responsable del tratamiento confirmaci\u00f3n de si est\u00e1n tratando o no datos personales que conciernen al interesado y, en tal caso, derecho de acceso a los datos personales y a la siguiente informaci\u00f3n: los fines del tratamiento, las categor\u00edas de datos personales de que se trate, los destinatarios o las categor\u00edas de destinatarios a los que se comunicaron o ser\u00e1n comunicados los datos personales, plazo de conservaci\u00f3n o los criterios utilizados para determinar este plazo, la existencia del derecho a solicitar del responsable la rectificaci\u00f3n o supresi\u00f3n de datos personales o la limitaci\u00f3n del tratamiento de datos personales relativos al interesado o a oponerse a dicho tratamiento, derecho a presentar una reclamaci\u00f3n ante la Agencia Espa\u00f1ola de Protecci\u00f3n de Datos (AEPD), la existencia, en su caso, de decisiones automatizadas, incluida la elaboraci\u00f3n de perfiles, cuando se transfieran datos a terceros pa\u00edses el derecho a ser informado de las garant\u00edas adecuadas aplicadas.<\/p>\n\n\n\n<p><strong>Derecho a la Portabilidad.<\/strong><\/p>\n\n\n\n<p>Es el derecho a recibir los datos personales que le incumban y que nos haya facilitado, en un formato estructurado, de uso com\u00fan y lectura mec\u00e1nica, y a trasmitirlos a otro responsable, siempre y cuando: el tratamiento se base en su consentimiento y se efect\u00fae por medios automatizados o inform\u00e1ticos.<\/p>\n\n\n\n<p><strong>Derecho\nde rectificaci\u00f3n.<\/strong><\/p>\n\n\n\n<p>Es el derecho a solicitar la recti\ufb01caci\u00f3n de sus datos personales si son inexactos, incluyendo el derecho a completar datos que \ufb01guren incompletos. Hay que tener en cuenta que al facilitarnos los datos personales por cualquier v\u00eda, garantiza que son ciertos y exactos y se compromete a noti\ufb01carnos cualquier cambio o modi\ufb01caci\u00f3n de los mismos. Por lo tanto cualquier da\u00f1o causado por motivo de una comunicaci\u00f3n de informaci\u00f3n err\u00f3nea, inexacta o incompleta en los formularios de la web, ser\u00e1 responsabilidad exclusiva del interesado.<\/p>\n\n\n\n<p><strong>Derecho\nde Supresi\u00f3n.<\/strong><\/p>\n\n\n\n<p>Es el derecho a solicitar la supresi\u00f3n de sus datos personales cuando, entre otros supuestos, ya no son necesarios para la \ufb01nalidad por la cual fueron recabados, o est\u00e1n siendo tratados de otro modo o retire el consentimiento. Hay que tener en cuenta que no proceder\u00e1 la supresi\u00f3n cuando el tratamiento de los datos personales sea necesario, entre otros supuestos, para el cumplimiento de obligaciones legales o para la formulaci\u00f3n, el ejercicio o la defensa de reclamaciones.<\/p>\n\n\n\n<p><strong>Derecho\nde Oposici\u00f3n.<\/strong><\/p>\n\n\n\n<p>Es el derecho a oponerse al tratamiento de sus datos personales en base al inter\u00e9s leg\u00edtimo nuestro. No seguiremos tratando sus datos personales a menos que podamos acreditar motivos leg\u00edtimos imperiosos para el tratamiento que prevalezcan sobre sus intereses, derechos y libertades, o bien para la formulaci\u00f3n, el ejercicio o la defensa de reclamaciones.<\/p>\n\n\n\n<p><strong>Derecho a\nretirar el consentimiento.<\/strong><\/p>\n\n\n\n<p>Es el derecho a retirar el consentimiento que ha proporcionado al marcar \u201cHe le\u00eddo y acepto la pol\u00edtica de privacidad\u201d en cualquier momento y seg\u00fan se especi\ufb01ca en el apartado correspondiente \u201cEjercicio de derechos\u201d o en el tratamiento espec\u00ed\ufb01co de comunicaciones comerciales o Newsletter. Hay que tener en cuenta que este derecho no surtir\u00e1 efectos si, entre otros casos, el tratamiento de los datos personales es necesario para el cumplimiento de una obligaci\u00f3n legal, la ejecuci\u00f3n y el mantenimiento de una relaci\u00f3n contractual, o para la formulaci\u00f3n, ejercicio o la defensa de reclamaciones. Asimismo la retirada del consentimiento no tendr\u00e1 efectos retroactivos, es decir, no afectar\u00e1 a la licitud del tratamiento basado en el consentimiento previo a su retirada.<\/p>\n\n\n\n<p><strong>Derecho a\npresentar una reclamaci\u00f3n ante una autoridad de control.<\/strong><\/p>\n\n\n\n<p>Si considera que tratamos sus datos personales de un modo incorrecto, puede contactar con nosotros o tambi\u00e9n tiene derecho a presentar una reclamaci\u00f3n ante la Agencia Espa\u00f1ola de Protecci\u00f3n de Datos (AEPD):<br>https:\/\/www.agpd.es\/portalwebAGPD\/index-ides-idphp.php<\/p>\n\n\n\n<p><strong>Derecho a\nla Limitaci\u00f3n.<\/strong><\/p>\n\n\n\n<p>Es el derecho a solicitar la limitaci\u00f3n del tratamiento de sus datos personales, lo que supone que en determinados casos pueda solicitarnos que suspendamos temporalmente los tratamientos de sus datos personales o que los conservemos m\u00e1s all\u00e1 del tiempo necesario cuando pueda necesitarlo.<\/p>\n\n\n\n<p><strong>Ejercicio\nde derechos.<\/strong><\/p>\n\n\n\n<p>Puede ejercer los derechos que le asisten a trav\u00e9s de carta a la direcci\u00f3n postal arriba indicada o a trav\u00e9s del e-mail info@murconexpert.com, adjuntando en ambos casos copia de su NIF\/NIE\/Pasaporte o documento an\u00e1logo.<\/p>\n\n\n\n<p><strong>TRATAMIENTOS DE DATOS PERSONALES<\/strong><\/p>\n\n\n\n<p><strong>Disposiciones Gen\u00e9ricas<\/strong><\/p>\n\n\n\n<p>Los datos personales solicitados en cada uno de los tratamientos espec\u00ed\ufb01cos son adecuados, pertinentes y limitados a lo necesario en relaci\u00f3n con los \ufb01nes para los que son tratados por lo que se cumple con el principio de minimizaci\u00f3n de datos.<\/p>\n\n\n\n<p>Los datos personales solicitados en cada uno de los tratamientos espec\u00ed\ufb01cos son los estrictamente necesarios, la negativa a facilitarlos implicar\u00eda no poder prestar el servicio solicitado.<\/p>\n\n\n\n<p>Las comunicaciones de los datos personales previstas en cada uno de los tratamientos espec\u00ed\ufb01cos en algunos casos son necesarias para la ejecuci\u00f3n y el mantenimiento de un contrato y en otros casos para el cumplimiento de una obligaci\u00f3n legal aplicable al responsable del tratamiento.<\/p>\n\n\n\n<p><strong>Formulario de contacto.<\/strong><\/p>\n\n\n\n<p>Los datos personales ser\u00e1n tratados para canalizar las solicitudes de informaci\u00f3n, sugerencias y reclamaciones de usuarios o clientes.<\/p>\n\n\n\n<p>La base legal que legitima el tratamiento de los datos personales es el consentimiento expreso al marcar \u201cHe le\u00eddo y acepto la pol\u00edtica de privacidad\u201d.<\/p>\n\n\n\n<p>Los datos personales se conservar\u00e1n por un per\u00edodo de dos a\u00f1os desde el momento en que dejen de tratarse, sin perjuicio del ejercicio de los derechos que le asisten como interesado.<\/p>\n","protected":false},"excerpt":{"rendered":"<p>La presente pol\u00edtica de privacidad es conforme al Reglamento (UE) 2016\/679 del Parlamento Europeo y del Consejo, de 27 de abril de 2016, relativo a la protecci\u00f3n de las personas f\u00edsicas en lo que respecta al tratamiento de datos personales y a la libre circulaci\u00f3n de estos datos (RGPD), a Ley Org\u00e1nica 3\/2018, de 5 [&hellip;]<\/p>\n","protected":false},"author":1,"featured_media":0,"parent":0,"menu_order":98,"comment_status":"closed","ping_status":"closed","template":"templates\/template-full-width.php","meta":[],"_links":{"self":[{"href":"https:\/\/www.murconexpert.com\/de\/wp-json\/wp\/v2\/pages\/325"}],"collection":[{"href":"https:\/\/www.murconexpert.com\/de\/wp-json\/wp\/v2\/pages"}],"about":[{"href":"https:\/\/www.murconexpert.com\/de\/wp-json\/wp\/v2\/types\/page"}],"author":[{"embeddable":true,"href":"https:\/\/www.murconexpert.com\/de\/wp-json\/wp\/v2\/users\/1"}],"replies":[{"embeddable":true,"href":"https:\/\/www.murconexpert.com\/de\/wp-json\/wp\/v2\/comments?post=325"}],"version-history":[{"count":2,"href":"https:\/\/www.murconexpert.com\/de\/wp-json\/wp\/v2\/pages\/325\/revisions"}],"predecessor-version":[{"id":450,"href":"https:\/\/www.murconexpert.com\/de\/wp-json\/wp\/v2\/pages\/325\/revisions\/450"}],"wp:attachment":[{"href":"https:\/\/www.murconexpert.com\/de\/wp-json\/wp\/v2\/media?parent=325"}],"curies":[{"name":"wp","href":"https:\/\/api.w.org\/{rel}","templated":true}]}}